{"id":1325,"date":"2025-08-31T17:28:57","date_gmt":"2025-08-31T14:28:57","guid":{"rendered":"https:\/\/www.eifa.lt\/?post_type=renginys&#038;p=1325"},"modified":"2025-09-26T08:05:02","modified_gmt":"2025-09-26T05:05:02","slug":"eifa-stovykla-rudens-sezono-adaptacija-2025","status":"publish","type":"renginys","link":"https:\/\/www.eifa.lt\/en\/renginys\/eifa-stovykla-rudens-sezono-adaptacija-2025\/","title":{"rendered":"EIFA stovykla &#8222;Rudens sezono adaptacija  2025&#8221;"},"content":{"rendered":"<p>EIFA narius kvie\u010dia kasmetin\u0117, jau penktoji, stovykla <strong>&#8222;Rudens sezono adaptacija 2025&#8221;<\/strong><\/p>\n<p>Stovykloje j\u016bs\u0173 lauks veiklos fiziniam k\u016bnui ir gerai psichoemocinei savijautai besikei\u010dian\u010di\u0173 met\u0173 laik\u0173 sand\u016broje, bei \u017eini\u0173 atnaujinimui ar papildymui. Svarbiausia &#8211; tur\u0117sime galimyb\u0119 pabendrauti \u0161iapus ekran\u0173.<\/p>\n<p><strong>Stovyklos programa:<\/strong><\/p>\n<div>\n<table>\n<tbody>\n<tr>\n<td colspan=\"3\">\n<div>\n<p><strong>\u0160e\u0161tadienis, spalio 4 d.<\/strong><\/p>\n<\/div>\n<\/td>\n<\/tr>\n<tr>\n<td>\n<div>\n<p><span>11<\/span><span>:00<\/span><\/p>\n<\/div>\n<\/td>\n<td colspan=\"2\">\n<div>\n<p><span>Atvykimas, stovyklos atidarymas, pasitikimo vai\u0161\u0117s<\/span><\/p>\n<\/div>\n<\/td>\n<\/tr>\n<tr>\n<td>\n<div>\n<p><span>12<\/span><span>:30-14:30<\/span><\/p>\n<\/div>\n<\/td>\n<td colspan=\"2\">\n<div>\n<p><span>,<\/span><span>,<\/span><em><strong>Efektyvus bendravimas klinikin\u0117je praktikoje\u2019\u2019 <\/strong><\/em><\/p>\n<\/div>\n<div>\n<p><span>M<\/span><span>edicinos psichologi\u0173<\/span><span> <\/span><span>Aust\u0117jos<\/span><span> Makulavi\u010dien\u0117s ir<\/span><span> Rugil\u0117s Pekori\u016bt\u0117s-Kuzm\u0117s p<\/span><span>raktiniai mokymai<\/span><\/p>\n<\/div>\n<\/td>\n<\/tr>\n<tr>\n<td>\n<div>\n<p><span>15<\/span><span>:00-16<\/span><span>:30<\/span><\/p>\n<\/div>\n<\/td>\n<td colspan=\"2\">\n<div>\n<p><b>&#8222;Baltymai, skaidulos ir mikrobiota: integruotas po\u017ei\u016bris \u012f gydym\u0105&#8221;<\/b><\/p>\n<\/div>\n<div>\n<p><span>Vaistininko Vytauto Vasiliausko paskaita <\/span><\/p>\n<\/div>\n<\/td>\n<\/tr>\n<tr>\n<td>\n<div>\n<p><span>17<\/span><span>:0<\/span><span>0-18<\/span><span>:00<\/span><\/p>\n<\/div>\n<\/td>\n<td colspan=\"2\">\n<div>\n<p><span>Mila Monk &#8222;<\/span><span>Mi\u0161ko maudyn<\/span><span>i\u0173&#8221;<\/span><span> t<\/span><span>erapinis<\/span><span> t<\/span><span>a<\/span><span>kas su audio gidu<\/span><\/p>\n<\/div>\n<\/td>\n<\/tr>\n<tr>\n<td>\n<div>\n<p><span>18<\/span><span>:0<\/span><span>0-19:00<\/span><\/p>\n<\/div>\n<\/td>\n<td colspan=\"2\">\n<div>\n<p><span>Vakarien\u0117<\/span><\/p>\n<\/div>\n<\/td>\n<\/tr>\n<tr>\n<td>\n<div>\n<p><span>19<\/span><span>:00-22<\/span><span>:00<\/span><\/p>\n<\/div>\n<\/td>\n<td colspan=\"2\">\n<div>\n<p><span>Mi\u0161ko <\/span><span>SPA<\/span><\/p>\n<\/div>\n<\/td>\n<\/tr>\n<tr>\n<td colspan=\"3\">\n<div>\n<p><strong>Sekmadienis, spalio 5 d. <\/strong><\/p>\n<\/div>\n<\/td>\n<\/tr>\n<tr>\n<td>\n<div>\n<p><span>9:00<\/span><\/p>\n<\/div>\n<\/td>\n<td colspan=\"2\">\n<div>\n<p><span>Pusry\u010diai<\/span><\/p>\n<\/div>\n<\/td>\n<\/tr>\n<tr>\n<td>\n<div>\n<p><span>10:00<\/span><span>-12<\/span><span>:00<\/span><span> <\/span><\/p>\n<\/div>\n<\/td>\n<td colspan=\"2\">\n<div>\n<p><span>R\u0117m\u0117j\u0173 rytmetis<\/span><\/p>\n<\/div>\n<\/td>\n<\/tr>\n<tr>\n<td>\n<div>\n<p><span>Iki 12:00<\/span><\/p>\n<\/div>\n<\/td>\n<td colspan=\"2\">\n<div>\n<p><span>I\u0161vykimas<\/span><\/p>\n<\/div>\n<\/td>\n<\/tr>\n<\/tbody>\n<\/table>\n<p><span style=\"letter-spacing: 0.02em;\">Stovyklos dalyviams<\/span><span style=\"letter-spacing: 0.02em;\">\u00a0<\/span><b style=\"letter-spacing: 0.02em;\">bus suteikiamos kvalifikacijos k\u0117limo valandos:<\/b><\/p>\n<\/div>\n<ul>\n<li>2 bendr\u0173j\u0173 (ne klinikini\u0173 (ne specialybini\u0173)) kompetencij\u0173 valandos<\/li>\n<li>2 bendr\u0173j\u0173 klinikini\u0173 (specialybini\u0173) kompetencij\u0173 valandos<\/li>\n<\/ul>","protected":false},"featured_media":1327,"template":"","formatas":[15],"kategorija":[21],"class_list":["post-1325","renginys","type-renginys","status-publish","has-post-thumbnail","hentry","formatas-gyvai","kategorija-susitikimas"],"acf":[],"_links":{"self":[{"href":"https:\/\/www.eifa.lt\/en\/wp-json\/wp\/v2\/renginys\/1325","targetHints":{"allow":["GET"]}}],"collection":[{"href":"https:\/\/www.eifa.lt\/en\/wp-json\/wp\/v2\/renginys"}],"about":[{"href":"https:\/\/www.eifa.lt\/en\/wp-json\/wp\/v2\/types\/renginys"}],"wp:featuredmedia":[{"embeddable":true,"href":"https:\/\/www.eifa.lt\/en\/wp-json\/wp\/v2\/media\/1327"}],"wp:attachment":[{"href":"https:\/\/www.eifa.lt\/en\/wp-json\/wp\/v2\/media?parent=1325"}],"wp:term":[{"taxonomy":"formatas","embeddable":true,"href":"https:\/\/www.eifa.lt\/en\/wp-json\/wp\/v2\/formatas?post=1325"},{"taxonomy":"kategorija","embeddable":true,"href":"https:\/\/www.eifa.lt\/en\/wp-json\/wp\/v2\/kategorija?post=1325"}],"curies":[{"name":"wp","href":"https:\/\/api.w.org\/{rel}","templated":true}]}}